{"id":29544,"date":"2025-12-12T18:31:03","date_gmt":"2025-12-12T17:31:03","guid":{"rendered":"https:\/\/test.ecbeaute.com\/?post_type=product&#038;p=29544"},"modified":"2025-12-12T18:31:08","modified_gmt":"2025-12-12T17:31:08","slug":"eucerin-anti-pigment-soin-de-jour-spf-30-4","status":"publish","type":"product","link":"https:\/\/paracherkaoui.ma\/index.php\/produit\/eucerin-anti-pigment-soin-de-jour-spf-30-4\/","title":{"rendered":"EUCERIN ANTI PIGMENT SOIN DE JOUR SPF 30"},"content":{"rendered":"<p>Mais ce n\u2019est pas tout : le SPF 30 int\u00e9gr\u00e9 offre une protection haute performance contre les rayons UVA et UVB, bloquant efficacement les effets du soleil responsables des taches pigmentaires. C\u2019est donc un soin double action : il corrige les d\u00e9sordres pigmentaires tout en pr\u00e9venant leur renforcement. Apaisante et douce, cette cr\u00e8me a \u00e9t\u00e9 test\u00e9e cliniquement et dermatologiquement sur tous types de peau, y compris les plus sensibles, pour garantir une tol\u00e9rance optimale.<br \/>\nSa texture l\u00e9g\u00e8re, non grasse et facilement absorb\u00e9e procure une sensation de confort imm\u00e9diate et un fini doux, parfait pour une utilisation sous le maquillage. En int\u00e9grant ce soin \u00e0 votre routine du matin, vous offrez \u00e0 votre visage, cou et d\u00e9collet\u00e9 une protection et une correction durables, pour un teint visiblement plus uniforme, lumineux et rajeuni.<br \/>\nConseils d\u2019utilisation<br \/>\nMatin, apr\u00e8s avoir nettoy\u00e9 et tonifi\u00e9 la peau du visage, du cou et du d\u00e9collet\u00e9.<br \/>\nAppliquez une quantit\u00e9 suffisante (environ une noisette) sur l\u2019ensemble de ces zones.<br \/>\nMassez doucement jusqu\u2019\u00e0 absorption compl\u00e8te.<br \/>\nInsistez sur les zones \u00e0 tendance pigmentaire.<br \/>\nRenouvelez l\u2019application apr\u00e8s la baignade, en cas de transpiration intense ou apr\u00e8s avoir essuy\u00e9 votre visage.<br \/>\n\u00c9vitez tout contact direct avec les yeux ; en cas de contact, rincez abondamment.<br \/>\nPeut \u00eatre utilis\u00e9 en compl\u00e9ment d\u2019un s\u00e9rum anti-taches, toujours dans la routine matin.<br \/>\nComposition<br \/>\nMalheureusement, sans le code-barre ou l\u2019emballage complet, l\u2019INCI officiel n\u2019est pas disponible \u00e0 ce jour. Typiquement, la Cr\u00e8me de Jour Eucerin Anti\u2011Pigment SPF 30 contient : Aqua, Octocrylene, Ethylhexyl Methoxycinnamate, Butyl Methoxydibenzoylmethane, agents hydratants, \u00e9mollients, anti-oxydants, et bien s\u00fbr Thiamidol.<\/p>\n","protected":false},"excerpt":{"rendered":"<p>Mais ce n\u2019est pas tout : le SPF 30 int\u00e9gr\u00e9 offre une protection haute performance contre les rayons UVA et<\/p>\n","protected":false},"featured_media":11751,"comment_status":"open","ping_status":"closed","template":"","meta":[],"product_brand":[134],"product_cat":[549],"product_tag":[],"class_list":{"0":"post-29544","1":"product","2":"type-product","3":"status-publish","4":"has-post-thumbnail","6":"product_brand-eucerin","7":"product_cat-cremes-depigmentantes","9":"first","10":"instock","11":"sale","12":"shipping-taxable","13":"purchasable","14":"product-type-simple"},"yoast_head":"<!-- This site is optimized with the Yoast SEO plugin v26.6 - https:\/\/yoast.com\/wordpress\/plugins\/seo\/ -->\r\n<title>EUCERIN ANTI PIGMENT SOIN DE JOUR SPF 30 - Paracherkaoui.ma<\/title>\r\n<meta name=\"robots\" content=\"index, follow, max-snippet:-1, max-image-preview:large, max-video-preview:-1\" \/>\r\n<link rel=\"canonical\" href=\"https:\/\/paracherkaoui.ma\/index.php\/produit\/eucerin-anti-pigment-soin-de-jour-spf-30-4\/\" \/>\r\n<meta property=\"og:locale\" content=\"fr_FR\" \/>\r\n<meta property=\"og:type\" content=\"article\" \/>\r\n<meta property=\"og:title\" content=\"EUCERIN ANTI PIGMENT SOIN DE JOUR SPF 30 - Paracherkaoui.ma\" \/>\r\n<meta property=\"og:description\" content=\"Mais ce n\u2019est pas tout : le SPF 30 int\u00e9gr\u00e9 offre une protection haute performance contre les rayons UVA et\" \/>\r\n<meta property=\"og:url\" content=\"https:\/\/paracherkaoui.ma\/index.php\/produit\/eucerin-anti-pigment-soin-de-jour-spf-30-4\/\" \/>\r\n<meta property=\"og:site_name\" content=\"Paracherkaoui.ma\" \/>\r\n<meta property=\"article:modified_time\" content=\"2025-12-12T17:31:08+00:00\" \/>\r\n<meta property=\"og:image\" content=\"https:\/\/paracherkaoui.ma\/wp-content\/uploads\/2025\/12\/eucerin-eucerin-anti-pigment-soin-de-jour-spf-30-cremes-depigmentantes.jpg\" \/>\r\n\t<meta property=\"og:image:width\" content=\"700\" \/>\r\n\t<meta property=\"og:image:height\" content=\"700\" \/>\r\n\t<meta property=\"og:image:type\" content=\"image\/jpeg\" \/>\r\n<meta name=\"twitter:card\" content=\"summary_large_image\" \/>\r\n<meta name=\"twitter:label1\" content=\"Dur\u00e9e de lecture estim\u00e9e\" \/>\n\t<meta name=\"twitter:data1\" content=\"1 minute\" \/>\r\n<script type=\"application\/ld+json\" class=\"yoast-schema-graph\">{\"@context\":\"https:\/\/schema.org\",\"@graph\":[{\"@type\":\"WebPage\",\"@id\":\"https:\/\/paracherkaoui.ma\/index.php\/produit\/eucerin-anti-pigment-soin-de-jour-spf-30-4\/\",\"url\":\"https:\/\/paracherkaoui.ma\/index.php\/produit\/eucerin-anti-pigment-soin-de-jour-spf-30-4\/\",\"name\":\"EUCERIN ANTI PIGMENT SOIN DE JOUR SPF 30 - Paracherkaoui.ma\",\"isPartOf\":{\"@id\":\"https:\/\/paracherkaoui.ma\/#website\"},\"primaryImageOfPage\":{\"@id\":\"https:\/\/paracherkaoui.ma\/index.php\/produit\/eucerin-anti-pigment-soin-de-jour-spf-30-4\/#primaryimage\"},\"image\":{\"@id\":\"https:\/\/paracherkaoui.ma\/index.php\/produit\/eucerin-anti-pigment-soin-de-jour-spf-30-4\/#primaryimage\"},\"thumbnailUrl\":\"https:\/\/paracherkaoui.ma\/wp-content\/uploads\/2025\/12\/eucerin-eucerin-anti-pigment-soin-de-jour-spf-30-cremes-depigmentantes.jpg\",\"datePublished\":\"2025-12-12T17:31:03+00:00\",\"dateModified\":\"2025-12-12T17:31:08+00:00\",\"breadcrumb\":{\"@id\":\"https:\/\/paracherkaoui.ma\/index.php\/produit\/eucerin-anti-pigment-soin-de-jour-spf-30-4\/#breadcrumb\"},\"inLanguage\":\"fr-FR\",\"potentialAction\":[{\"@type\":\"ReadAction\",\"target\":[\"https:\/\/paracherkaoui.ma\/index.php\/produit\/eucerin-anti-pigment-soin-de-jour-spf-30-4\/\"]}]},{\"@type\":\"ImageObject\",\"inLanguage\":\"fr-FR\",\"@id\":\"https:\/\/paracherkaoui.ma\/index.php\/produit\/eucerin-anti-pigment-soin-de-jour-spf-30-4\/#primaryimage\",\"url\":\"https:\/\/paracherkaoui.ma\/wp-content\/uploads\/2025\/12\/eucerin-eucerin-anti-pigment-soin-de-jour-spf-30-cremes-depigmentantes.jpg\",\"contentUrl\":\"https:\/\/paracherkaoui.ma\/wp-content\/uploads\/2025\/12\/eucerin-eucerin-anti-pigment-soin-de-jour-spf-30-cremes-depigmentantes.jpg\",\"width\":700,\"height\":700},{\"@type\":\"BreadcrumbList\",\"@id\":\"https:\/\/paracherkaoui.ma\/index.php\/produit\/eucerin-anti-pigment-soin-de-jour-spf-30-4\/#breadcrumb\",\"itemListElement\":[{\"@type\":\"ListItem\",\"position\":1,\"name\":\"Accueil\",\"item\":\"https:\/\/paracherkaoui.ma\/\"},{\"@type\":\"ListItem\",\"position\":2,\"name\":\"Boutique\",\"item\":\"https:\/\/paracherkaoui.ma\/index.php\/boutique\/\"},{\"@type\":\"ListItem\",\"position\":3,\"name\":\"EUCERIN ANTI PIGMENT SOIN DE JOUR SPF 30\"}]},{\"@type\":\"WebSite\",\"@id\":\"https:\/\/paracherkaoui.ma\/#website\",\"url\":\"https:\/\/paracherkaoui.ma\/\",\"name\":\"Paracherkaoui.ma\",\"description\":\"Achetez en ligne sur Paracherkaoui.ma\",\"potentialAction\":[{\"@type\":\"SearchAction\",\"target\":{\"@type\":\"EntryPoint\",\"urlTemplate\":\"https:\/\/paracherkaoui.ma\/?s={search_term_string}\"},\"query-input\":{\"@type\":\"PropertyValueSpecification\",\"valueRequired\":true,\"valueName\":\"search_term_string\"}}],\"inLanguage\":\"fr-FR\"}]}<\/script>\r\n<!-- \/ Yoast SEO plugin. -->","yoast_head_json":{"title":"EUCERIN ANTI PIGMENT SOIN DE JOUR SPF 30 - Paracherkaoui.ma","robots":{"index":"index","follow":"follow","max-snippet":"max-snippet:-1","max-image-preview":"max-image-preview:large","max-video-preview":"max-video-preview:-1"},"canonical":"https:\/\/paracherkaoui.ma\/index.php\/produit\/eucerin-anti-pigment-soin-de-jour-spf-30-4\/","og_locale":"fr_FR","og_type":"article","og_title":"EUCERIN ANTI PIGMENT SOIN DE JOUR SPF 30 - Paracherkaoui.ma","og_description":"Mais ce n\u2019est pas tout : le SPF 30 int\u00e9gr\u00e9 offre une protection haute performance contre les rayons UVA et","og_url":"https:\/\/paracherkaoui.ma\/index.php\/produit\/eucerin-anti-pigment-soin-de-jour-spf-30-4\/","og_site_name":"Paracherkaoui.ma","article_modified_time":"2025-12-12T17:31:08+00:00","og_image":[{"width":700,"height":700,"url":"https:\/\/paracherkaoui.ma\/wp-content\/uploads\/2025\/12\/eucerin-eucerin-anti-pigment-soin-de-jour-spf-30-cremes-depigmentantes.jpg","type":"image\/jpeg"}],"twitter_card":"summary_large_image","twitter_misc":{"Dur\u00e9e de lecture estim\u00e9e":"1 minute"},"schema":{"@context":"https:\/\/schema.org","@graph":[{"@type":"WebPage","@id":"https:\/\/paracherkaoui.ma\/index.php\/produit\/eucerin-anti-pigment-soin-de-jour-spf-30-4\/","url":"https:\/\/paracherkaoui.ma\/index.php\/produit\/eucerin-anti-pigment-soin-de-jour-spf-30-4\/","name":"EUCERIN ANTI PIGMENT SOIN DE JOUR SPF 30 - Paracherkaoui.ma","isPartOf":{"@id":"https:\/\/paracherkaoui.ma\/#website"},"primaryImageOfPage":{"@id":"https:\/\/paracherkaoui.ma\/index.php\/produit\/eucerin-anti-pigment-soin-de-jour-spf-30-4\/#primaryimage"},"image":{"@id":"https:\/\/paracherkaoui.ma\/index.php\/produit\/eucerin-anti-pigment-soin-de-jour-spf-30-4\/#primaryimage"},"thumbnailUrl":"https:\/\/paracherkaoui.ma\/wp-content\/uploads\/2025\/12\/eucerin-eucerin-anti-pigment-soin-de-jour-spf-30-cremes-depigmentantes.jpg","datePublished":"2025-12-12T17:31:03+00:00","dateModified":"2025-12-12T17:31:08+00:00","breadcrumb":{"@id":"https:\/\/paracherkaoui.ma\/index.php\/produit\/eucerin-anti-pigment-soin-de-jour-spf-30-4\/#breadcrumb"},"inLanguage":"fr-FR","potentialAction":[{"@type":"ReadAction","target":["https:\/\/paracherkaoui.ma\/index.php\/produit\/eucerin-anti-pigment-soin-de-jour-spf-30-4\/"]}]},{"@type":"ImageObject","inLanguage":"fr-FR","@id":"https:\/\/paracherkaoui.ma\/index.php\/produit\/eucerin-anti-pigment-soin-de-jour-spf-30-4\/#primaryimage","url":"https:\/\/paracherkaoui.ma\/wp-content\/uploads\/2025\/12\/eucerin-eucerin-anti-pigment-soin-de-jour-spf-30-cremes-depigmentantes.jpg","contentUrl":"https:\/\/paracherkaoui.ma\/wp-content\/uploads\/2025\/12\/eucerin-eucerin-anti-pigment-soin-de-jour-spf-30-cremes-depigmentantes.jpg","width":700,"height":700},{"@type":"BreadcrumbList","@id":"https:\/\/paracherkaoui.ma\/index.php\/produit\/eucerin-anti-pigment-soin-de-jour-spf-30-4\/#breadcrumb","itemListElement":[{"@type":"ListItem","position":1,"name":"Accueil","item":"https:\/\/paracherkaoui.ma\/"},{"@type":"ListItem","position":2,"name":"Boutique","item":"https:\/\/paracherkaoui.ma\/index.php\/boutique\/"},{"@type":"ListItem","position":3,"name":"EUCERIN ANTI PIGMENT SOIN DE JOUR SPF 30"}]},{"@type":"WebSite","@id":"https:\/\/paracherkaoui.ma\/#website","url":"https:\/\/paracherkaoui.ma\/","name":"Paracherkaoui.ma","description":"Achetez en ligne sur Paracherkaoui.ma","potentialAction":[{"@type":"SearchAction","target":{"@type":"EntryPoint","urlTemplate":"https:\/\/paracherkaoui.ma\/?s={search_term_string}"},"query-input":{"@type":"PropertyValueSpecification","valueRequired":true,"valueName":"search_term_string"}}],"inLanguage":"fr-FR"}]}},"_links":{"self":[{"href":"https:\/\/paracherkaoui.ma\/index.php\/wp-json\/wp\/v2\/product\/29544","targetHints":{"allow":["GET"]}}],"collection":[{"href":"https:\/\/paracherkaoui.ma\/index.php\/wp-json\/wp\/v2\/product"}],"about":[{"href":"https:\/\/paracherkaoui.ma\/index.php\/wp-json\/wp\/v2\/types\/product"}],"replies":[{"embeddable":true,"href":"https:\/\/paracherkaoui.ma\/index.php\/wp-json\/wp\/v2\/comments?post=29544"}],"version-history":[{"count":1,"href":"https:\/\/paracherkaoui.ma\/index.php\/wp-json\/wp\/v2\/product\/29544\/revisions"}],"predecessor-version":[{"id":29587,"href":"https:\/\/paracherkaoui.ma\/index.php\/wp-json\/wp\/v2\/product\/29544\/revisions\/29587"}],"wp:featuredmedia":[{"embeddable":true,"href":"https:\/\/paracherkaoui.ma\/index.php\/wp-json\/wp\/v2\/media\/11751"}],"wp:attachment":[{"href":"https:\/\/paracherkaoui.ma\/index.php\/wp-json\/wp\/v2\/media?parent=29544"}],"wp:term":[{"taxonomy":"product_brand","embeddable":true,"href":"https:\/\/paracherkaoui.ma\/index.php\/wp-json\/wp\/v2\/product_brand?post=29544"},{"taxonomy":"product_cat","embeddable":true,"href":"https:\/\/paracherkaoui.ma\/index.php\/wp-json\/wp\/v2\/product_cat?post=29544"},{"taxonomy":"product_tag","embeddable":true,"href":"https:\/\/paracherkaoui.ma\/index.php\/wp-json\/wp\/v2\/product_tag?post=29544"}],"curies":[{"name":"wp","href":"https:\/\/api.w.org\/{rel}","templated":true}]}}